{"id":9026,"date":"2021-08-29T05:49:42","date_gmt":"2021-08-29T03:49:42","guid":{"rendered":"https:\/\/raduart.com\/?post_type=product&#038;p=9026"},"modified":"2024-10-03T21:05:55","modified_gmt":"2024-10-03T19:05:55","slug":"album-de-arta","status":"publish","type":"product","link":"https:\/\/raduart.com\/ro\/opere-de-arta\/album-de-arta\/","title":{"rendered":"Album de art\u0103 Radu-Anton Maier &#8211; maestrul lumilor imaginare"},"content":{"rendered":"<h2 class=\"gb-headline gb-headline-27d91817 gb-headline-text\">Album de art\u0103<\/h2>\n<p class=\"gb-headline gb-headline-f59c1b64 gb-headline-text\">Ne face deosebit\u0103 pl\u0103cere s\u0103 v\u0103 prezent\u0103m albumul de art\u0103 \u201eRadu-Anton Maier \u2013 maestrul lumilor imaginare\u201d, ap\u0103rut recent la Editura \u201eTribuna\u201d din Cluj-Napoca, Rom\u00e2nia.<\/p>\n<p><strong>Cum a ap\u0103rut albumul de art\u0103?<\/strong><br \/>\nIdeea acestui album de art\u0103 a ap\u0103rut \u00een urma unui interviu realizat de c\u0103tre Ani Bradea, redactorul revistei de Cultur\u0103 \u201eTribuna\u201d. Apari\u021bia c\u0103r\u021bii se datoreaz\u0103 managerului revistei \u201eTribuna\u201d, Dr. Mircea Arman, cu acordul \u0219i sprijinul c\u0103ruia a fost posibil\u0103 editarea \u0219i publicarea acestui album de art\u0103, \u00een condi\u021bii grafice de excep\u021bie. Dorim s\u0103 le mul\u021bumim pe aceast\u0103 cale managerului, redactorului, editorului, traduc\u0103torului \u0219i tuturor celor care au contribuit la realizarea volumului.<\/p>\n<p>Albumul de art\u0103 \u201eRadu-Anton Maier. Maestrul realit\u0103\u021bilor imaginare\u201d este o prezentare de excep\u0163ie a lucr\u0103rilor pictorului Radu-Anton Maier \u0219i documenteaz\u0103 cariera sa artistic\u0103 din ultimii 15 ani cu\u00a0<a href=\"https:\/\/raduart.com\/ro\/colectie-de-arta\/pictura\/\">picturi pe p\u00e2nz\u0103<\/a>. Ap\u0103rut din dorin\u021ba de a oferi publicului iubitor de frumos o lucrare ampl\u0103, dar selectiv\u0103, este ilustrat cu cele mai reprezentative opere de pictur\u0103 din crea\u021bia pictorului.<\/p>\n<p>Prezentat\u0103 modern cartea este ilustrat\u0103 cu reproduceri de format mare. De o calitate grafic\u0103 deosebit\u0103, albumul de art\u0103 combin\u0103 peste 100 de reproduceri color, \u00eenso\u021bite de legende explicative. Iubitorul de art\u0103 este confruntat cu peisaje suprarealiste, portrete, nuduri \u0219i flori, cu accent pe pictura peisagistic\u0103.<\/p>\n<p><strong>Un volum amplu, selectiv, excelent ilustrat<\/strong>\u00a0\u2013 ea este adresat\u0103 pasiona\u0163ilor de cultur\u0103, publicului de cititori cu adev\u0103rat interesa\u0163i s\u0103 se ini\u0163ieze \u015fi s\u0103 descopere arta fascinant\u0103 a lui\u00a0<a href=\"https:\/\/raduart.com\/ro\/pictorul-roman-contemporan-radu-maier\/\" data-type=\"page\" data-id=\"6958\">Radu-Anton Maier \u2013 pictor rom\u00e2n contemporan<\/a>. Cititorul este invitat la o explorare consecvent\u0103 a laitmotivelor, culorilor, formelor, contrastelor \u0219i reliefurilor, cu elemente specifice picturii maieriene. Volumul este \u00eenso\u021bit de numeroase referin\u021be critice \u0219i de un eseu care ajut\u0103 la evaluarea \u0219i la \u00een\u021belegerea artei lui Radu Maier. \u00centr-un amplu interviu realizat de Ani Bradea, artistul ofer\u0103 o perspectiv\u0103 larg\u0103 asupra propriei metode de lucru \u0219i dezv\u0103luie, \u00een acela\u0219i timp, o perspectiv\u0103 inedit\u0103 asupra crea\u021biei sale. Conceput \u00een limbile german\u0103, rom\u00e2n\u0103 \u0219i englez\u0103, albumul de art\u0103 se adreseaz\u0103 unui public larg.<\/p>\n<p><strong>Despre revista de cultur\u0103 \u201eTribuna\u201d<\/strong><br \/>\nCondus\u0103 de filosoful Dr. Mircea Arman, \u201eTribuna\u201d a devenit \u00een ultimii ani cea mai important\u0103 revist\u0103 de cultur\u0103 din Rom\u00e2nia, cu distribu\u021bie interna\u021bional\u0103, acoperind at\u00e2t domeniul literar, c\u00e2t \u0219i alte zone culturale, de la filosofie, sociologie, istoria ideilor, la muzic\u0103, teatru, film, cronic\u0103 plastic\u0103, etc. Obiectivele majore ale revistei se axeaz\u0103 pe dezvoltarea contactelor cu institu\u021bii \u0219i oameni de cultur\u0103 din str\u0103in\u0103tate, promovarea culturii rom\u00e2ne \u00een str\u0103in\u0103tate, a autorilor de limb\u0103 rom\u00e2n\u0103, precum \u0219i promovarea culturii interna\u021bionale, a scriitorilor \u0219i arti\u0219tilor str\u0103ini \u00een paginile revistei. Un loc aparte \u00eel ocup\u0103 colaborarea \u0219i promovarea arti\u0219tilor plastici prin ilustrarea numerelor revistei, prin organizarea expozi\u021biilor \u0219i publicarea albumelor de art\u0103 multilingve. Aceste deschideri ale revistei spre schimburi culturale interna\u021bionale au f\u0103cut posibil\u0103 \u0219i colaborarea noastr\u0103 la editarea \u0219i publicarea albumului de art\u0103 Radu Maier.<\/p>\n<p><strong>Cuprins:<\/strong><\/p>\n<p class=\"has-text-align-center\" style=\"text-align: left;\">PREFA\u021a\u0102 \/ VORWORT \/ PREFACE \u2013 7<br \/>\nREFERIN\u021aE CRITICE \/ STIMMEN ZUM WERK \/ REVIEWS \u2013 15<br \/>\nPEISAJE \/ LANDSCHAFTEN \/ LANDSCAPES \u2013 23<br \/>\nPORTRETE \/ PORTR\u00c4TS \/ PORTRAITS \u2013 91<br \/>\nNUDURI \/ AKTE \/ NUDES \u2013 105<br \/>\nFLORI \/ BLUMEN \/ FLOWERS \u2013 119<br \/>\nINTERVIEW \u2013 137<br \/>\nBIO-BIBLIOGRAFIE \u2013 151<\/p>\n<p><strong>Reproducere copert\u0103:<\/strong><br \/>\n\u201eLaguna periferica\u201d, acrilic pe p\u00e2nz\u0103, 100 x 100 cm, 2008.<\/p>\n","protected":false},"excerpt":{"rendered":"<p class=\"gb-headline gb-headline-10d1be41 gb-headline-text\">Preis:\u00a0<strong>45,00 \u20ac <\/strong>inkl. 7% MwSt.<\/p>\n<p>Edi\u021bie cartonat\u0103: 159 pagini<br \/>\nLimba: rom\u00e2n\u0103, german\u0103, englez\u0103<br \/>\nDimensiuni: 24,5 x 1,5 \u00d7 39 cm | Editura Tribuna<\/p>\n<p>\u2605 Picturi impresionante. \u2605 Calitate grafic\u0103 excelent\u0103. \u2605 Edi\u021bie limitat\u0103.<\/p>\n","protected":false},"featured_media":9407,"template":"","meta":{"_acf_changed":false,"pgc_sgb_lightbox_settings":""},"product_brand":[],"product_cat":[107],"product_tag":[],"class_list":{"0":"post-9026","1":"product","2":"type-product","3":"status-publish","4":"has-post-thumbnail","6":"product_cat-publicatii","7":"infinite-scroll-item","8":"sales-flash-overlay","9":"woocommerce-text-align-left","10":"woocommerce-image-align-center","11":"do-quantity-buttons","12":"wc-has-gallery","14":"first","15":"instock","16":"featured","17":"shipping-taxable","18":"product-type-simple"},"acf":[],"_links":{"self":[{"href":"https:\/\/raduart.com\/ro\/wp-json\/wp\/v2\/product\/9026","targetHints":{"allow":["GET"]}}],"collection":[{"href":"https:\/\/raduart.com\/ro\/wp-json\/wp\/v2\/product"}],"about":[{"href":"https:\/\/raduart.com\/ro\/wp-json\/wp\/v2\/types\/product"}],"wp:featuredmedia":[{"embeddable":true,"href":"https:\/\/raduart.com\/ro\/wp-json\/wp\/v2\/media\/9407"}],"wp:attachment":[{"href":"https:\/\/raduart.com\/ro\/wp-json\/wp\/v2\/media?parent=9026"}],"wp:term":[{"taxonomy":"product_brand","embeddable":true,"href":"https:\/\/raduart.com\/ro\/wp-json\/wp\/v2\/product_brand?post=9026"},{"taxonomy":"product_cat","embeddable":true,"href":"https:\/\/raduart.com\/ro\/wp-json\/wp\/v2\/product_cat?post=9026"},{"taxonomy":"product_tag","embeddable":true,"href":"https:\/\/raduart.com\/ro\/wp-json\/wp\/v2\/product_tag?post=9026"}],"curies":[{"name":"wp","href":"https:\/\/api.w.org\/{rel}","templated":true}]}}