{"id":12517,"date":"2022-12-11T21:43:05","date_gmt":"2022-12-11T20:43:05","guid":{"rendered":"https:\/\/raduart.com\/?post_type=product&#038;p=12517"},"modified":"2024-10-03T21:05:55","modified_gmt":"2024-10-03T19:05:55","slug":"calendar-de-arta-2023","status":"publish","type":"product","link":"https:\/\/raduart.com\/ro\/opere-de-arta\/calendar-de-arta-2023\/","title":{"rendered":"Calendar de birou cu opere de art\u0103"},"content":{"rendered":"<p><strong>Despre calendarul de birou cu opere de art\u0103<\/strong><br \/>\nCalendar de art\u0103 &#8222;Radu-Anton Maier 2023&#8221; este perfect pentru orice tip de interior sau birou.<\/p>\n<p>Decora\u021bi-v\u0103 masa din living sau biroul cu acest calendar debirou, de form\u0103 p\u0103trat\u0103 \u0219i delecta\u021bi-v\u0103 cu picturi moderne pe p\u00e2nz\u0103 din crea\u021bia pictorului Radu Maier. Calendarele noastre sunt produse cu tehnici moderne de calitate, direct \u00een Germania.<\/p>\n<p>Alege\u021bi cadoul de calitate la pre\u021b accesibil pentru Dumneavoastr\u0103 sau pentru cei dragi cu 12 reproduceri de art\u0103, cu peisaje \u0219i motive atmosferice. Savura\u021bi crea\u021biile suprarealiste fascinante, picturile abstracte, picturile cu peisaje atmosferice \u0219i crea\u021biile florale din crea\u021bia pictorului Radu Maier.<\/p>\n<p><strong>Avantajele calendarului de birou<\/strong><br \/>\n\u2022 suportul \u00eencorporat calendarului de art\u0103 v\u0103 ajut\u0103 sa-l a\u0219eza\u021bi exact \u00een locul \u00een care se potrive\u0219te cel mai bine.<br \/>\n\u2022 calendarul de birou cu picturi este perfect pentru idei de cadouri, de care s\u0103 v\u0103 bucura\u021bi zilnic, un an \u00eentreg.<\/p>\n<p>Despre artist<br \/>\n\u2192 <a title=\"Picturi moderne de Radu Maier\" href=\"https:\/\/raduart.com\/ro\/pictorul-roman-contemporan-radu-maier\/\">Portret de artist<\/a>\u00a0 \u2192 <a title=\"Descoper\u0103 picturi moderne semnate de Radu Maier \" href=\"https:\/\/raduart.com\/ro\/tablouri-pictate\/\">Picturi recent ad\u0103ugate<\/a><\/p>\n<p><strong>\u00centreb\u0103ri despre calendarul de birou<\/strong><br \/>\nCiti\u021bi aici r\u0103spunsurile celor mai frecvente \u00eentreb\u0103ri. <a class=\"woo-continue width\" title=\"\u00centreb\u0103ri \u0219i r\u0103spunsuri\" href=\"https:\/\/raduart.com\/ro\/faq-tablouri-de-vanzare-online\/\">\u2192 FAQ<\/a><\/p>\n","protected":false},"excerpt":{"rendered":"<p>Despre calendarul de birou cu opere de art\u0103 Calendar de art\u0103 &#8222;Radu-Anton Maier 2023&#8221; este perfect pentru orice tip de interior sau birou. Decora\u021bi-v\u0103 masa din living sau biroul cu acest calendar debirou, de form\u0103 &#8230; <\/p>\n<p class=\"read-more-container\"><a title=\"Calendar de birou cu opere de art\u0103\" class=\"read-more button\" href=\"https:\/\/raduart.com\/ro\/opere-de-arta\/calendar-de-arta-2023\/#more-12517\" aria-label=\"Cite\u0219te mai multe despre Calendar de birou cu opere de art\u0103\">Read more<\/a><\/p>\n","protected":false},"featured_media":13070,"template":"","meta":{"_acf_changed":false,"pgc_sgb_lightbox_settings":""},"product_brand":[],"product_cat":[107],"product_tag":[],"class_list":{"0":"post-12517","1":"product","2":"type-product","3":"status-publish","4":"has-post-thumbnail","6":"product_cat-publicatii","7":"infinite-scroll-item","8":"sales-flash-overlay","9":"woocommerce-text-align-left","10":"woocommerce-image-align-center","11":"do-quantity-buttons","12":"wc-has-gallery","14":"first","15":"instock","16":"shipping-taxable","17":"product-type-simple"},"acf":[],"_links":{"self":[{"href":"https:\/\/raduart.com\/ro\/wp-json\/wp\/v2\/product\/12517","targetHints":{"allow":["GET"]}}],"collection":[{"href":"https:\/\/raduart.com\/ro\/wp-json\/wp\/v2\/product"}],"about":[{"href":"https:\/\/raduart.com\/ro\/wp-json\/wp\/v2\/types\/product"}],"wp:featuredmedia":[{"embeddable":true,"href":"https:\/\/raduart.com\/ro\/wp-json\/wp\/v2\/media\/13070"}],"wp:attachment":[{"href":"https:\/\/raduart.com\/ro\/wp-json\/wp\/v2\/media?parent=12517"}],"wp:term":[{"taxonomy":"product_brand","embeddable":true,"href":"https:\/\/raduart.com\/ro\/wp-json\/wp\/v2\/product_brand?post=12517"},{"taxonomy":"product_cat","embeddable":true,"href":"https:\/\/raduart.com\/ro\/wp-json\/wp\/v2\/product_cat?post=12517"},{"taxonomy":"product_tag","embeddable":true,"href":"https:\/\/raduart.com\/ro\/wp-json\/wp\/v2\/product_tag?post=12517"}],"curies":[{"name":"wp","href":"https:\/\/api.w.org\/{rel}","templated":true}]}}