{"id":6958,"date":"2020-12-30T14:53:11","date_gmt":"2020-12-30T13:53:11","guid":{"rendered":"https:\/\/raduart.com\/?page_id=6958"},"modified":"2022-12-08T16:28:59","modified_gmt":"2022-12-08T15:28:59","slug":"pictorul-roman-contemporan-radu-maier","status":"publish","type":"page","link":"https:\/\/raduart.com\/ro\/pictorul-roman-contemporan-radu-maier\/","title":{"rendered":"Pictorul rom\u00e2n contemporan Radu-Anton Maier"},"content":{"rendered":"<div class=\"gb-container gb-container-f5da6f77\"><div class=\"gb-inside-container\">\n<div class=\"gb-grid-wrapper gb-grid-wrapper-f92e200b\">\n<div class=\"gb-grid-column gb-grid-column-f8f26aa7\"><div class=\"gb-container gb-container-f8f26aa7\"><div class=\"gb-inside-container\">\n\n<div class=\"wp-block-group wplogout-table-of-contents\"><div class=\"wp-block-group__inner-container is-layout-flow wp-block-group-is-layout-flow\">\n<h2 class=\"gb-headline gb-headline-26b7ca70 gb-headline-text\" id=\"Ausgezeichnet\">Distinc\u021bii \u0219i premii<\/h2>\n\n\n\n<p class=\"gb-headline gb-headline-3a327c21 gb-headline-text\"><strong>2022 <\/strong>\u2013 Ordinul \u0219i Medalia \u201eMeritul Cultural\u201d \u00een Grad de Comandor, Rom\u00e2nia.<br><strong>2017 <\/strong>\u2013 Diploma de onoare a Consulatului Rom\u00e2n din M\u00fcnchen \u0219i GeFoRum, M\u00fcnchen, Germania.<br><strong>2016<\/strong> \u2013 Distinc\u021bia pentru Cultur\u0103, Bund der Vertriebenen (BDV) Bayern, Marktredwitz, Germania.<br><strong>2014<\/strong> \u2013 Excellence Award din partea Consulatului Rom\u00e2n din M\u00fcnchen, Germania.<br><strong>2003<\/strong> \u2013 Ordinul Cavaler al artelor, ASLA, Oradea, Rom\u00e2nia.<br><strong>2000<\/strong> \u2013 Marele premiu pentru art\u0103, ASLA, Oradea, Rom\u00e2nia.<br><strong>1999 <\/strong>\u2013 Cet\u0103\u021bean de onoare al municipiului Cluj-Napoca, Rom\u00e2nia.<\/p>\n<\/div><\/div>\n\n<\/div><\/div><\/div>\n\n<div class=\"gb-grid-column gb-grid-column-31e06bb9\"><div class=\"gb-container gb-container-31e06bb9\"><div class=\"gb-inside-container\">\n\n<figure class=\"wp-block-image size-large\"><img decoding=\"async\" width=\"800\" height=\"600\" src=\"https:\/\/raduart.com\/wp-content\/uploads\/Kuenstler-Radu-Maier-bei-der-Arbeit-in-der-Galerie.jpg\" alt=\"Der K\u00fcnstler Radu Maier bei der Arbeit\" class=\"wp-image-3880\" title=\"- | Galerie RADUART\" srcset=\"https:\/\/raduart.com\/wp-content\/uploads\/Kuenstler-Radu-Maier-bei-der-Arbeit-in-der-Galerie.jpg 800w, https:\/\/raduart.com\/wp-content\/uploads\/Kuenstler-Radu-Maier-bei-der-Arbeit-in-der-Galerie-400x300.jpg 400w, https:\/\/raduart.com\/wp-content\/uploads\/Kuenstler-Radu-Maier-bei-der-Arbeit-in-der-Galerie-600x450.jpg 600w, https:\/\/raduart.com\/wp-content\/uploads\/Kuenstler-Radu-Maier-bei-der-Arbeit-in-der-Galerie-300x225.jpg 300w, https:\/\/raduart.com\/wp-content\/uploads\/Kuenstler-Radu-Maier-bei-der-Arbeit-in-der-Galerie-768x576.jpg 768w\" sizes=\"(max-width: 800px) 100vw, 800px\" \/><figcaption class=\"wp-element-caption\">Pictorul Radu Maier \u00een procesul creativ<\/figcaption><\/figure>\n\n<\/div><\/div><\/div>\n<\/div>\n<\/div><\/div>\n\n\n<h2 class=\"gb-headline gb-headline-3c34b3d9 gb-headline-text\" id=\"Weltweit-ausgestellt\">Expozi\u021bii interna\u021bionale <\/h2>\n\n\n\n<p class=\"gb-headline gb-headline-d905cd30 gb-headline-text\">O selec\u021bie a celor mai importante expozi\u021bii organizate pe plan na\u021bional \u0219i international<br><strong>Blicken Sie zur\u00fcck auf spannende Themen und Ausstellungen von Radu Maier \u2013 weltweit<\/strong><\/p>\n\n\n<div class=\"gb-container gb-container-412ee9ae\"><div class=\"gb-inside-container\">\n<div class=\"gb-container gb-container-841c96de\"><div class=\"gb-inside-container\">\n<div class=\"gb-grid-wrapper gb-grid-wrapper-85ac9cc2\">\n<div class=\"gb-grid-column gb-grid-column-968fe243\"><div class=\"gb-container gb-container-968fe243\"><div class=\"gb-inside-container\">\n\n<h3 class=\"gb-headline gb-headline-176f7085 gb-headline-text\">Expozi\u021bii personale<\/h3>\n\n\n\n<ul class=\"wp-block-list\">\n<li><strong>2019<\/strong>&nbsp;Expozi\u021bia personal\u0103 \u201eFa\u021b\u0103 \u00een fa\u021b\u0103. Portrete \u0219i autoportrete de Radu Maier\u201d, Galeria RADUART, F\u00fcrstenfeldbruck, Germania.<\/li>\n\n\n\n<li><strong>2018<\/strong>&nbsp;Expozi\u021bia personal\u0103 \u201eRADUtopia\u201d, Kunstgew\u00f6lbe, Dinkelsb\u00fchl (Germania).<\/li>\n\n\n\n<li><strong>2014<\/strong>;&nbsp;<strong>2017<\/strong>&nbsp;Expozi\u021bie personal\u0103, Galeria Consulatului General al Rom\u00e2niei la M\u00fcnchen (Germania).<\/li>\n\n\n\n<li><strong>2014<\/strong>&nbsp;Expozi\u021bie personal\u0103, Muzeul de Art\u0103 Cluj-Napoca (Rom\u00e2nia).<\/li>\n\n\n\n<li><strong>2010<\/strong>&nbsp;Deschiderea oficial\u0103 a galeriei personale RADUART, F\u00fcrstenfeldbruck (Germania).<\/li>\n\n\n\n<li><strong>2010<\/strong>&nbsp;\u201eEwig Virtuell. Werke des Malers Radu Maier\u201d, Galeria Consulatului General al Rom\u00e2niei la M\u00fcnchen (Germania).<\/li>\n\n\n\n<li><strong>2009<\/strong>&nbsp;\u00cenfiin\u021barea galeriei RADUART, F\u00fcrstenfeldbruck, Germania.<\/li>\n\n\n\n<li><strong>2009<\/strong>&nbsp;\u201ePersonala RADU\u201d, Galeria \u201eCasa Artelor\u201d, Cluj-Napoca (Rom\u00e2nia).<\/li>\n\n\n\n<li><strong>2008<\/strong>&nbsp;Expozi\u021bia personal\u0103 \u201eLaguna Malata II\u201d, Galeria \u201eFrezia\u201d, Dej (Rom\u00e2nia).<\/li>\n\n\n\n<li><strong>2007<\/strong>&nbsp;Expozi\u021bia personal\u0103 \u201eLaguna Malata I\u201d, Muzeul de Art\u0103 Cluj-Napoca (Rom\u00e2nia).<\/li>\n\n\n\n<li><strong>2005<\/strong>&nbsp;Expozi\u021bia personal\u0103 \u201eTransfigurarea realului\u201d, Casa Vernescu, Bucure\u0219ti (Rom\u00e2nia).<\/li>\n\n\n\n<li><strong>2003<\/strong>&nbsp;Expozi\u021bia personal\u0103 \u201ePictur\u0103, grafic\u0103, tehnic\u0103 mixt\u0103\u201d, Muzeul de Art\u0103 Cluj-Napoca (Rom\u00e2nia).<\/li>\n\n\n\n<li><strong>2002<\/strong>&nbsp;Expozi\u021bie personal\u0103, Galeria Frezia, Dej.<\/li>\n\n\n\n<li><strong>2001<\/strong>&nbsp;Expozi\u021bie personal\u0103, Muzeul Na\u021bional Brukenthal din Sibiu (Rom\u00e2nia).<\/li>\n\n\n\n<li><strong>1999<\/strong>&nbsp;Expozi\u021bie personal\u0103, Galeria Frezia, Dej (Rom\u00e2nia).<\/li>\n\n\n\n<li><strong>1998<\/strong>&nbsp;Expozi\u021bie personal\u0103, Camera de Comer\u021b, Cluj-Napoca (Rom\u00e2nia).<\/li>\n\n\n\n<li><strong>1997<\/strong>&nbsp;Expozi\u021bie personal\u0103, Muzeul de Art\u0103 Cluj-Napoca (Rom\u00e2nia).<\/li>\n\n\n\n<li><strong>1995<\/strong>&nbsp;Expozi\u021bie personal\u0103, peste 40 de picturi, Cluj-Napoca (Rom\u00e2nia).<\/li>\n\n\n\n<li><strong>1989-1990<\/strong>&nbsp;Expozi\u021bie personal\u0103 \u00een galeria Direc\u021biei Muncii, M\u00fcnchen (Germania).<\/li>\n\n\n\n<li><strong>1988<\/strong>&nbsp;Expozi\u021bie personal\u0103, Galeria pro Arte, M\u00fcnchen (Germania).<\/li>\n\n\n\n<li><strong>1986<\/strong>&nbsp;Expozi\u021bie personal\u0103, Le Vigan (Fran\u021ba).<\/li>\n\n\n\n<li><strong>1984<\/strong>&nbsp;Expozi\u021bie jubiliar\u0103 \u201eMica retrospectiv\u0103\u201d, Galerie im Schlosspavillon, Ismaning \/ M\u00fcnchen (Germania).<\/li>\n\n\n\n<li><strong>1983<\/strong>&nbsp;Expozi\u021bie personal\u0103, Galeria M\u00f6ring, Wiesbaden (Germania).<\/li>\n\n\n\n<li><strong>1983<\/strong>&nbsp;Expozi\u021bie personal\u0103, Lincoln Gallery, New York (SUA).<\/li>\n\n\n\n<li><strong>1979-1981<\/strong>&nbsp;Expozi\u021bii frecvente \u00een galeria Antares, M\u00fcnchen (Germania).<\/li>\n\n\n\n<li><strong>1977<\/strong>&nbsp;Expozi\u021bia personal\u0103 \u201ePictur\u0103 cu tehnic\u0103 mixt\u0103\u201d, Siebenb\u00fcrgische Museum, Schloss Horneck \/ Gundelsheim, Germania.<\/li>\n\n\n\n<li><strong>1976<\/strong>&nbsp;Expozi\u021bie personal\u0103, Galeria No .18, Essen (Germania).<\/li>\n\n\n\n<li><strong>1974<\/strong>&nbsp;Expozi\u021bie personal\u0103, Galerie Symposion der K\u00fcnste, Mannheim (Germania).<\/li>\n\n\n\n<li><strong>1974<\/strong>&nbsp;Expozi\u021bie personal\u0103, Siebenb\u00fcrgische Museum, Schloss Horneck \/ Gundelsheim, Germania.<\/li>\n\n\n\n<li><strong>1972<\/strong>&nbsp;Expozi\u021bie personal\u0103, Galerie des Atelier-Theathers, Bern (Elve\u021bia).<\/li>\n\n\n\n<li><strong>1971<\/strong>&nbsp;Expozi\u021bie personal\u0103, Siemens Stiftung, M\u00fcnchen (Germania).<\/li>\n\n\n\n<li><strong>1970<\/strong>&nbsp;Expozi\u021bie personal\u0103, Galeria pro Arte, M\u00fcnchen (Germania).<\/li>\n\n\n\n<li><strong>1970<\/strong>&nbsp;\u201ePicturi \u00een ulei \u0219i tehnic\u0103 mixt\u0103\u201d, Haus der Begegnung, M\u00fcnchen (Germania).<\/li>\n\n\n\n<li><strong>1968-1974<\/strong>&nbsp;Numeroase expozi\u021bii \u00een Bern (Elve\u021bia), M\u00fcnchen, Esslingen, Regensburg und Heilbronn (Germania).<\/li>\n\n\n\n<li><strong>1968<\/strong>&nbsp;Expozi\u021bie personal\u0103, Haus der Begegnung, M\u00fcnchen (Germania).<\/li>\n\n\n\n<li><strong>1967<\/strong>&nbsp;Mare retrospectiv\u0103 con\u021bin\u00e2nd peste 80 de exponate, Cluj-Napoca (Rom\u00e2nia).<\/li>\n\n\n\n<li><strong>1967<\/strong>&nbsp;Eine gro\u00dfe Wandmalerei, die sich auf eine Breite von 30 Meter erstreckt, wird zerst\u00f6rt. Die kommunistische F\u00fchrung hatte das Fresko als \u201eb\u00fcrgerlich-dekadent\u201d bezeichnet, Foyer des Kino \u201eRepublica\u201d, Cluj-Napoca (Rom\u00e2nia).<\/li>\n\n\n\n<li><strong>1966<\/strong>&nbsp;Expozi\u021bie personal\u0103, Ia\u0219i, Miercurea-Ciuc und Arad (Rom\u00e2nia).<\/li>\n\n\n\n<li><strong>1964<\/strong>&nbsp;Expozi\u021bie personal\u0103, Perugia (Italia).<\/li>\n\n\n\n<li><strong>1958<\/strong>&nbsp;Expozi\u021bie personal\u0103, Kiev (Sowjetunion).<\/li>\n\n\n\n<li><strong>1958<\/strong>&nbsp;Expozi\u021bie personal\u0103, Cluj-Napoca (Rom\u00e2nia).<\/li>\n\n\n\n<li><strong>1957<\/strong>&nbsp;Expozi\u021bie personal\u0103, Leningrad (Sowjetunion).<\/li>\n<\/ul>\n\n<\/div><\/div><\/div>\n\n<div class=\"gb-grid-column gb-grid-column-a02dc5ed\"><div class=\"gb-container gb-container-a02dc5ed\"><div class=\"gb-inside-container\">\n\n<h3 class=\"gb-headline gb-headline-108ae605 gb-headline-text\">Expozi\u021bii de grup<\/h3>\n\n\n\n<ul class=\"wp-block-list\">\n<li><strong>2011-2018<\/strong>&nbsp;Numeroase expozi\u021bii de grup, Galeria Raduart, F\u00fcrstenfeldbruck (Germania)<\/li>\n\n\n\n<li><strong>2011-2015<\/strong>&nbsp;Expozi\u021bia de grup \u201eArti\u0219i din Transilvania\u201d, Galeria RADUART, F\u00fcrstenfeldbruck (Germania).<\/li>\n\n\n\n<li><strong>2011<\/strong>&nbsp;Expozi\u021bia de grup \u201eL\u0103sa\u021bi florile s\u0103 vorbeasc\u0103!\u201d, Galeria Raduart, F\u00fcrstenfeldbruck (Germania).<\/li>\n\n\n\n<li><strong>2009<\/strong>&nbsp;\u201eApozi\u021bia 40\u201d, Galeria Consulatului General al Rom\u00e2niei la M\u00fcnchen (Germania).<\/li>\n\n\n\n<li><strong>2005<\/strong>&nbsp;Expozi\u021bia de grup \u201eBavaria-Vene\u021bia\u201d, Istituto Romeno di Cultura e Ricerca Umanistica, Venedig (Italia).<\/li>\n\n\n\n<li><strong>2004<\/strong>&nbsp;Expozi\u021bie de grup \u00een galeria Direc\u021biei Muncii, M\u00fcnchen (Germania).<\/li>\n\n\n\n<li><strong>2004<\/strong>&nbsp;Expozi\u021bia de grup \u201eDer Glaube hat \u00fcberlebt\u201d, Residenz, M\u00fcnchen (Germania).<\/li>\n\n\n\n<li><strong>1997<\/strong>&nbsp;\u201eEin mal vier\u201d. Sculpturi \u0219i picturi de Liane Axinthe, Sandra Dunca, Elena Vlad-Loth, Radu Maier \u2013 expozi\u021bie de grup organiat\u0103 de Versicherungskammer Bayern \u0219i de c\u0103tre Berufsverband Bildender K\u00fcnstler M\u00fcnchen und Oberbayern e. V., M\u00fcnchen (Germania).<\/li>\n\n\n\n<li><strong>1986<\/strong>&nbsp;Expozi\u021bia de grup \u00een Galerie im Schlosspavillion (cu Elisabeth Enders \u0219i Silvia Sachse), Ismaning \/ M\u00fcnchen (Germania).<\/li>\n\n\n\n<li><strong>1982<\/strong>&nbsp;Gro\u00dfe Kunstausstellung, M\u00fcnchen (Germania).<\/li>\n\n\n\n<li><strong>1979<\/strong>&nbsp;Gro\u00dfe Kunstausstellung, M\u00fcnchen (Germania).<\/li>\n\n\n\n<li><strong>1979<\/strong>&nbsp;Expozi\u021bie de grup \u00een galeria Antares, M\u00fcnchen (Germania).<\/li>\n\n\n\n<li><strong>1979<\/strong>&nbsp;\u201eOpt pictori expun peisaje\u201d, Studio-Galerie Frechen (Germania).<\/li>\n\n\n\n<li><strong>1978<\/strong>&nbsp;Expozi\u021bia de grup \u201eParis versus M\u00fcnchen\u201d, Galeria Antares, M\u00fcnchen (Germania).<\/li>\n\n\n\n<li><strong>1977<\/strong>&nbsp;\u201ePeisaje\u201d, expozi\u021bie anual\u0103 organizat\u0103 de K\u00fcnstlergilde Esslingen \u00een Kunstforum Ostdeutsche Galerie, Regensburg (Germania).<\/li>\n\n\n\n<li>Seit&nbsp;<strong>1975<\/strong>&nbsp;Invita\u021bii periodice \u0219i particip\u0103ri la Gro\u00dfen Kunstausstellung, M\u00fcnchen (Germania).<\/li>\n\n\n\n<li><strong>1975<\/strong>&nbsp;Gro\u00dfe Kunstausstellung, M\u00fcnchen<\/li>\n\n\n\n<li><strong>Seit 1973<\/strong>&nbsp;Numeroase expozi\u021bii de grup, oranizate de K\u00fcnstlergilde Esslingen \u00een Kunstforum Ostdeutsche Galerie, Regensburg (Germania).<\/li>\n\n\n\n<li><strong>1963<\/strong>&nbsp;Expozi\u021bie de grup \u00een Bucure\u0219ti (Rom\u00e2nia).<\/li>\n\n\n\n<li><strong>1962<\/strong>&nbsp;Expozi\u021bie de grup \u00een Timi\u0219oara (Rom\u00e2nia).<\/li>\n<\/ul>\n\n<\/div><\/div><\/div>\n<\/div>\n<\/div><\/div>\n<\/div><\/div>\n\n<div class=\"gb-container gb-container-6274533f is-style-color\"><div class=\"gb-inside-container\">\n\n<figure class=\"wp-block-pullquote is-style-solid-color\"><blockquote><p>Combinarea diverselor tehnici moderne \u00ee<em>n procesul meu de crea\u021bie<\/em> constituie o provocare constant\u0103 \u00een laboratorul propriilor experimente estetice.<\/p><cite>\u2013&nbsp;Radu Maier<\/cite><\/blockquote><\/figure>\n\n<\/div><\/div>\n\n<div class=\"gb-container gb-container-a3896ba0 block-F8F8F8\"><div class=\"gb-inside-container\">\n\n<p class=\"gb-headline gb-headline-90196cf6 gb-headline-text highlights-ueber-h\">Actual<\/p>\n\n\n\n<h2 class=\"gb-headline gb-headline-d7ff82e8 gb-headline-text\">Ultimele evenimente<\/h2>\n\n\n<style>.wp-show-posts-columns#wpsp-1050 {margin-left: -1em; }.wp-show-posts-columns#wpsp-1050 .wp-show-posts-inner {margin: 0 0 1em 1em; }<\/style><section id=\"wpsp-1050\" class=\" wp-show-posts-columns wp-show-posts\" style=\"\"><article class=\" wp-show-posts-single post-22335 post type-post status-publish format-standard has-post-thumbnail hentry category-expozitii wpsp-col-4\" itemtype=\"http:\/\/schema.org\/CreativeWork\" itemscope><div class=\"wp-show-posts-inner\" style=\"\">\t\t<div class=\"wp-show-posts-image  wpsp-image-center \">\n\t\t\t<a href=\"https:\/\/raduart.com\/ro\/expozitii\/expozitie-anuala-mkg-munchner-kunstlerhaus-2025\/\"  title=\"Expozi\u021bie anual\u0103 de grup MKG \u00een M\u00fcnchner K\u00fcnstlerhaus\">\t\t\t\t\t<img decoding=\"async\" src=\"https:\/\/raduart.com\/wp-content\/uploads\/MKG-Info-Ausstellung-2025-Flyer-1-450x350.jpg\" alt=\"Expozi\u021bie anual\u0103 de grup MKG \u00een M\u00fcnchner K\u00fcnstlerhaus\" itemprop=\"image\" class=\"center\" title=\"- | Galerie RADUART\">\n\t\t\t\t<\/a>\t\t<\/div>\n\t\t\t\t\t\t\t\t<header class=\"wp-show-posts-entry-header\">\n\t\t\t\t\t\t\t<h2 class=\"wp-show-posts-entry-title\" itemprop=\"headline\"><a href=\"https:\/\/raduart.com\/ro\/expozitii\/expozitie-anuala-mkg-munchner-kunstlerhaus-2025\/\" rel=\"bookmark\">Expozi\u021bie anual\u0103 de grup MKG \u00een M\u00fcnchner K\u00fcnstlerhaus<\/a><\/h2><div class=\"wp-show-posts-entry-meta wp-show-posts-entry-meta-below-title post-meta-inline\"><span class=\"wp-show-posts-posted-on wp-show-posts-meta\">\n\t\t\t\t\t<a href=\"https:\/\/raduart.com\/ro\/expozitii\/expozitie-anuala-mkg-munchner-kunstlerhaus-2025\/\" title=\"11:07\" rel=\"bookmark\"><time class=\"wp-show-posts-entry-date published\" datetime=\"2025-04-18T11:07:22+02:00\" itemprop=\"datePublished\">18 aprilie 2025<\/time><time class=\"wp-show-posts-updated\" datetime=\"2025-04-18T11:11:50+02:00\" itemprop=\"dateModified\">18 aprilie 2025<\/time><\/a>\n\t\t\t\t<\/span><\/div>\t\t\t\t\t\t<\/header><!-- .entry-header -->\n\t\t\t\t\t\t\t\t\t\t\t<div class=\"wp-show-posts-entry-summary\" itemprop=\"text\">\n\t\t\t\t\t\t\t<p>70 de arti\u0219ti, cu cele 126 de lucr\u0103ri ale lor, v\u0103 a\u0219teapt\u0103 cu drag.<\/p>\n\t\t\t\t\t\t<\/div><!-- .entry-summary -->\n\t\t\t\t\t<\/div><!-- wp-show-posts-inner --><\/article><article class=\" wp-show-posts-single post-21354 post type-post status-publish format-standard has-post-thumbnail hentry category-expozitii wpsp-col-4\" itemtype=\"http:\/\/schema.org\/CreativeWork\" itemscope><div class=\"wp-show-posts-inner\" style=\"\">\t\t<div class=\"wp-show-posts-image  wpsp-image-center \">\n\t\t\t<a href=\"https:\/\/raduart.com\/ro\/expozitii\/jubileu-radu-2024-04-28\/\"  title=\"Ju\u00adbi\u00adleu &#8211; Radu-Anton Maier &#8211; 2024\">\t\t\t\t\t<img decoding=\"async\" src=\"https:\/\/raduart.com\/wp-content\/uploads\/Jubilaeum-Radu-280424-Plakat-1400-450x350.jpg\" alt=\"Ju\u00adbi\u00adleu &#8211; Radu-Anton Maier &#8211; 2024\" itemprop=\"image\" class=\"center\" title=\"- | Galerie RADUART\">\n\t\t\t\t<\/a>\t\t<\/div>\n\t\t\t\t\t\t\t\t<header class=\"wp-show-posts-entry-header\">\n\t\t\t\t\t\t\t<h2 class=\"wp-show-posts-entry-title\" itemprop=\"headline\"><a href=\"https:\/\/raduart.com\/ro\/expozitii\/jubileu-radu-2024-04-28\/\" rel=\"bookmark\">Ju\u00adbi\u00adleu &#8211; Radu-Anton Maier &#8211; 2024<\/a><\/h2><div class=\"wp-show-posts-entry-meta wp-show-posts-entry-meta-below-title post-meta-inline\"><span class=\"wp-show-posts-posted-on wp-show-posts-meta\">\n\t\t\t\t\t<a href=\"https:\/\/raduart.com\/ro\/expozitii\/jubileu-radu-2024-04-28\/\" title=\"15:08\" rel=\"bookmark\"><time class=\"wp-show-posts-entry-date published\" datetime=\"2024-04-09T15:08:36+02:00\" itemprop=\"datePublished\">9 aprilie 2024<\/time><time class=\"wp-show-posts-updated\" datetime=\"2024-05-11T04:26:11+02:00\" itemprop=\"dateModified\">11 mai 2024<\/time><\/a>\n\t\t\t\t<\/span><\/div>\t\t\t\t\t\t<\/header><!-- .entry-header -->\n\t\t\t\t\t\t\t\t\t\t\t<div class=\"wp-show-posts-entry-summary\" itemprop=\"text\">\n\t\t\t\t\t\t\t<p>Felicit\u0103ri \/ amintiri \/ evenimente \u00cemp\u0103rt\u0103\u0219e\u0219te-ne ur\u0103rile, dar \u0219i amintirile sau evenimentele petrecute \u00eempreun\u0103 cu pictorul Radu-Anton Maier prin intermediul formularului de contact. Cunoscutul pictor&#8230;<\/p>\n\t\t\t\t\t\t<\/div><!-- .entry-summary -->\n\t\t\t\t\t<\/div><!-- wp-show-posts-inner --><\/article><article class=\" wp-show-posts-single post-20801 post type-post status-publish format-standard has-post-thumbnail hentry category-expozitii wpsp-col-4\" itemtype=\"http:\/\/schema.org\/CreativeWork\" itemscope><div class=\"wp-show-posts-inner\" style=\"\">\t\t<div class=\"wp-show-posts-image  wpsp-image-center \">\n\t\t\t<a href=\"https:\/\/raduart.com\/ro\/expozitii\/expozitie-anuala-mkg-munchner-kunstlerhaus\/\"  title=\"Expozi\u021bie anual\u0103 MKG \u00een M\u00fcnchner K\u00fcnstlerhaus\">\t\t\t\t\t<img decoding=\"async\" src=\"https:\/\/raduart.com\/wp-content\/uploads\/MKG-Info-Ausstellung_2024-1-1-450x350.jpg\" alt=\"Expozi\u021bie anual\u0103 MKG \u00een M\u00fcnchner K\u00fcnstlerhaus\" itemprop=\"image\" class=\"center\" title=\"- | Galerie RADUART\">\n\t\t\t\t<\/a>\t\t<\/div>\n\t\t\t\t\t\t\t\t<header class=\"wp-show-posts-entry-header\">\n\t\t\t\t\t\t\t<h2 class=\"wp-show-posts-entry-title\" itemprop=\"headline\"><a href=\"https:\/\/raduart.com\/ro\/expozitii\/expozitie-anuala-mkg-munchner-kunstlerhaus\/\" rel=\"bookmark\">Expozi\u021bie anual\u0103 MKG \u00een M\u00fcnchner K\u00fcnstlerhaus<\/a><\/h2><div class=\"wp-show-posts-entry-meta wp-show-posts-entry-meta-below-title post-meta-inline\"><span class=\"wp-show-posts-posted-on wp-show-posts-meta\">\n\t\t\t\t\t<a href=\"https:\/\/raduart.com\/ro\/expozitii\/expozitie-anuala-mkg-munchner-kunstlerhaus\/\" title=\"9:49\" rel=\"bookmark\"><time class=\"wp-show-posts-entry-date published\" datetime=\"2024-03-11T09:49:30+01:00\" itemprop=\"datePublished\">11 martie 2024<\/time><time class=\"wp-show-posts-updated\" datetime=\"2025-04-18T11:31:21+02:00\" itemprop=\"dateModified\">18 aprilie 2025<\/time><\/a>\n\t\t\t\t<\/span><\/div>\t\t\t\t\t\t<\/header><!-- .entry-header -->\n\t\t\t\t\t\t\t\t\t\t\t<div class=\"wp-show-posts-entry-summary\" itemprop=\"text\">\n\t\t\t\t\t\t\t<p>79 de arti\u0219ti, cu cele 145 de lucr\u0103ri ale lor, v\u0103 a\u0219teapt\u0103 cu drag.<\/p>\n\t\t\t\t\t\t<\/div><!-- .entry-summary -->\n\t\t\t\t\t<\/div><!-- wp-show-posts-inner --><\/article><div class=\"wpsp-clear\"><\/div><\/section><!-- .wp-show-posts -->\n\n\n\n<div class=\"wp-block-buttons is-content-justification-center is-layout-flex wp-container-core-buttons-is-layout-16018d1d wp-block-buttons-is-layout-flex\">\n<div class=\"wp-block-button\"><a class=\"wp-block-button__link wp-element-button\" href=\"https:\/\/raduart.com\/ro\/noutati-culturale\/\">toate evenimentele<\/a><\/div>\n<\/div>\n\n<\/div><\/div>\n\n\n<h2 class=\"wp-block-heading\" id=\"eine_einf\u00fchrung\">\u00centroducere \u00een lumile fantastice ale pictorului Radu-Anton Maier<\/h2>\n\n\n<div class=\"gb-container gb-container-7debf85f\"><div class=\"gb-inside-container\">\n<div class=\"gb-grid-wrapper gb-grid-wrapper-b4df7aa6\">\n<div class=\"gb-grid-column gb-grid-column-0eab6063\"><div class=\"gb-container gb-container-0eab6063\"><div class=\"gb-inside-container\">\n<div class=\"gb-container gb-container-4715959f\"><div class=\"gb-inside-container\">\n<div data-block-name=\"woocommerce\/product-new\" data-categories=\"[18,24,23]\" data-columns=\"1\" data-content-visibility=\"{&quot;title&quot;:true,&quot;price&quot;:false,&quot;rating&quot;:false,&quot;button&quot;:false}\" class=\"wc-block-grid wp-block-product-new wp-block-woocommerce-product-new wc-block-product-new has-1-columns has-multiple-rows widget-woo\"><ul class=\"wc-block-grid__products\"><li class=\"wc-block-grid__product\">\n\t\t\t\t<a href=\"https:\/\/raduart.com\/ro\/opere-de-arta\/pseudocrucificare-radu-maier\/\" class=\"wc-block-grid__product-link\">\n\t\t\t\t\t\n\t\t\t\t\t<div class=\"wc-block-grid__product-image\"><img decoding=\"async\" width=\"400\" height=\"400\" src=\"https:\/\/raduart.com\/wp-content\/uploads\/Landschaft-Pseudokreuzigung-100x100-Radu-Maier-400x400.jpg\" class=\"attachment-woocommerce_thumbnail size-woocommerce_thumbnail\" alt=\"Pictura pe p\u00e2nz\u0103 &quot;Pseudocrucificare&quot; \u00a9 by Radu Maier | pictor contemporan\" srcset=\"https:\/\/raduart.com\/wp-content\/uploads\/Landschaft-Pseudokreuzigung-100x100-Radu-Maier-400x400.jpg 400w, https:\/\/raduart.com\/wp-content\/uploads\/Landschaft-Pseudokreuzigung-100x100-Radu-Maier-100x100.jpg 100w, https:\/\/raduart.com\/wp-content\/uploads\/Landschaft-Pseudokreuzigung-100x100-Radu-Maier-600x600.jpg 600w, https:\/\/raduart.com\/wp-content\/uploads\/Landschaft-Pseudokreuzigung-100x100-Radu-Maier-300x300.jpg 300w, https:\/\/raduart.com\/wp-content\/uploads\/Landschaft-Pseudokreuzigung-100x100-Radu-Maier-150x150.jpg 150w, https:\/\/raduart.com\/wp-content\/uploads\/Landschaft-Pseudokreuzigung-100x100-Radu-Maier-768x768.jpg 768w, https:\/\/raduart.com\/wp-content\/uploads\/Landschaft-Pseudokreuzigung-100x100-Radu-Maier.jpg 950w\" sizes=\"(max-width: 400px) 100vw, 400px\" title=\"- | Galerie RADUART\"><\/div>\n\t\t\t\t\t<div class=\"wc-block-grid__product-title\">Radu Maier: &#8222;Pseudocrucificare&#8221; (2017)<\/div>\n\t\t\t\t<\/a>\n\t\t\t\t\n\t\t\t\t\n\t\t\t\t\n\t\t\t<\/li><li class=\"wc-block-grid__product\">\n\t\t\t\t<a href=\"https:\/\/raduart.com\/ro\/opere-de-arta\/primavara-perena-radu-maier\/\" class=\"wc-block-grid__product-link\">\n\t\t\t\t\t\n\t\t\t\t\t<div class=\"wc-block-grid__product-image\"><img decoding=\"async\" width=\"400\" height=\"400\" src=\"https:\/\/raduart.com\/wp-content\/uploads\/Leinwandbild-Dinkelsbuehl-im-Fruehling-100x100-Radu-Maier-400x400.jpg\" class=\"attachment-woocommerce_thumbnail size-woocommerce_thumbnail\" alt=\"Peisaj pictat pe p\u00e2nz\u0103. &quot;Prim\u0103var\u0103 peren\u0103&quot; \u00a9 by Radu Maier | pictor roman contemporan\" srcset=\"https:\/\/raduart.com\/wp-content\/uploads\/Leinwandbild-Dinkelsbuehl-im-Fruehling-100x100-Radu-Maier-400x400.jpg 400w, https:\/\/raduart.com\/wp-content\/uploads\/Leinwandbild-Dinkelsbuehl-im-Fruehling-100x100-Radu-Maier-100x100.jpg 100w, https:\/\/raduart.com\/wp-content\/uploads\/Leinwandbild-Dinkelsbuehl-im-Fruehling-100x100-Radu-Maier-600x600.jpg 600w, https:\/\/raduart.com\/wp-content\/uploads\/Leinwandbild-Dinkelsbuehl-im-Fruehling-100x100-Radu-Maier-300x300.jpg 300w, https:\/\/raduart.com\/wp-content\/uploads\/Leinwandbild-Dinkelsbuehl-im-Fruehling-100x100-Radu-Maier-150x150.jpg 150w, https:\/\/raduart.com\/wp-content\/uploads\/Leinwandbild-Dinkelsbuehl-im-Fruehling-100x100-Radu-Maier-768x768.jpg 768w, https:\/\/raduart.com\/wp-content\/uploads\/Leinwandbild-Dinkelsbuehl-im-Fruehling-100x100-Radu-Maier.jpg 900w\" sizes=\"(max-width: 400px) 100vw, 400px\" title=\"- | Galerie RADUART\"><\/div>\n\t\t\t\t\t<div class=\"wc-block-grid__product-title\">Radu Maier: &#8222;Prim\u0103var\u0103 peren\u0103&#8221; (2015)<\/div>\n\t\t\t\t<\/a>\n\t\t\t\t\n\t\t\t\t\n\t\t\t\t\n\t\t\t<\/li><li class=\"wc-block-grid__product\">\n\t\t\t\t<a href=\"https:\/\/raduart.com\/ro\/opere-de-arta\/hoggar-radu-maier-peisaj-de-munte\/\" class=\"wc-block-grid__product-link\">\n\t\t\t\t\t\n\t\t\t\t\t<div class=\"wc-block-grid__product-image\"><img decoding=\"async\" width=\"400\" height=\"259\" src=\"https:\/\/raduart.com\/wp-content\/uploads\/Hoggar-68x100-2013-Radu-Maier-400x259.jpg\" class=\"attachment-woocommerce_thumbnail size-woocommerce_thumbnail\" alt=\"Pictura peisaj montan pe p\u00e2nz\u0103. &quot;Hoggar&quot; \u00a9 by Radu Maier\" srcset=\"https:\/\/raduart.com\/wp-content\/uploads\/Hoggar-68x100-2013-Radu-Maier-400x259.jpg 400w, https:\/\/raduart.com\/wp-content\/uploads\/Hoggar-68x100-2013-Radu-Maier-600x388.jpg 600w, https:\/\/raduart.com\/wp-content\/uploads\/Hoggar-68x100-2013-Radu-Maier-300x194.jpg 300w, https:\/\/raduart.com\/wp-content\/uploads\/Hoggar-68x100-2013-Radu-Maier-768x496.jpg 768w, https:\/\/raduart.com\/wp-content\/uploads\/Hoggar-68x100-2013-Radu-Maier.jpg 950w\" sizes=\"(max-width: 400px) 100vw, 400px\" title=\"- | Galerie RADUART\"><\/div>\n\t\t\t\t\t<div class=\"wc-block-grid__product-title\">Radu Maier: &#8222;Hoggar&#8221; (2013). Peisaj de munte<\/div>\n\t\t\t\t<\/a>\n\t\t\t\t\n\t\t\t\t\n\t\t\t\t\n\t\t\t<\/li><\/ul><\/div>\n<\/div><\/div>\n<\/div><\/div><\/div>\n\n<div class=\"gb-grid-column gb-grid-column-267f90fa\"><div class=\"gb-container gb-container-267f90fa\"><div class=\"gb-inside-container\">\n\n<p><strong>Skelettartige Stelen, Treppen ins Nichts, zerkl\u00fcftetes Gestein, bedrohlich aufragende kristalline Mauern, biomorphe Wesen, Knotenpunkte im interstellaren Raum und \u00fcber allem das mystische Licht eines blutroten Sonnenballs \u2013 wir befinden uns in der Welt des K\u00fcnstlers RADU, der sich durch seine tiefsitzende Realismus-Allergie in seinen Bildern eine eigene Realit\u00e4t schafft. <\/strong><\/p>\n\n\n\n<p>Diese Aversion wurzelt in seiner Herkunft als Rum\u00e4nien-Deutscher, wo er gegen die von den Machthabern diktierte Wirklichkeit seine eigene entwickelte. Radu lebt seit 1967 in M\u00fcnchen, doch sein \u201eRealismus-Trauma\u201c schl\u00e4gt sich bis heute in seinen Landschaften nieder.<\/p>\n\n\n\n<p>Handwerklich hat der in Klausenburg\/ Rum\u00e4nien geborene Radu eine solide k\u00fcnstlerische Ausbildung an der dortigen Kunstakademie erhalten. Nach erfolgreichem Abschluss mit Diplom, war er Assistent an der oben Akademie und arbeitete auch einige Jahre periodisch im Atelier von Professor Corneliu Baba in Bukarest. Ein Stipendiat der \u201eAcademia Pietro Vanucci\u201c 1964 in Perugia\/ltalien gestattete ihm, einen unmittelbaren Dialog mit der freien Europ\u00e4ischen Kunst aufzunehmen. Sicher hat dieser Aufenthalt seinen Wunsch nach M\u00fcnchen zu \u00fcbersiedeln be\ufb02\u00fcgelt.<\/p>\n\n\n\n<p>Eine Aura \u201eberu\ufb02icher Strenge\u201d h\u00fcllte damals und auch heute noch die Kunstakademie der Hauptstadt Transilvaniens ein. Ethisch-\u00e4sthetisch aber, kam der Rum\u00e4nien-Deutsche ziemlich schnell mit den sozialistisch-realistischen Richtlinien der Akademie in Kon\ufb02ikt. Eine noch nicht verarbeitete, tiefsitzende Aversion gegen die von den Machthabern diktierten Realit\u00e4tsdarstellungen, entwickelte sich bei Radu.<\/p>\n\n\n\n<p>Dieses Trauma schl\u00e4gt sich bis heute nieder, meist durch bewusste Distanz von \u201emenschlichen Elementen\u201c. Die Beziehung des K\u00fcnstlers zu den unterschiedlichsten Darstellungen mit Menschen ist h\u00f6chst zwiesp\u00e4ltig.<\/p>\n\n\n\n<p>Die Landschaften von Radu\u201a ob Architektur respektive Ruineninterpretationen, ob W\u00fcste oder alpine Strukturen, sind nicht nur menschenleer, nein auch in ihrer Kargheit und \u201eChlorophyllarmut\u201c gar menschenfeindlich. <\/p>\n\n\n\n<p>Eine bizarre Fremdartigkeit, ein diskreter Hauch von nicht irdischem, au\u00dferplanetarischem, schwebt \u00fcberall durch zerkl\u00fcftete Felsen, erodierten Lavamassen, \u00fcber vom Zahn der Zeit in Mitleidenschaft genommene, nicht unbedingt von menschlicher Hand errichteten Konstruktionen dahin.<\/p>\n\n\n\n<h3 class=\"gb-headline gb-headline-f086a7ac gb-headline-text\"><strong>Interessiert an Landschaftsmalereien des K\u00fcnstlers Radu Maier?<\/strong><\/h3>\n\n\n\n<p class=\"gb-headline gb-headline-d9af75f9 gb-headline-text\">Hier sehen Sie alle Kunstwerke im \u00dcberblick!<\/p>\n\n\n<div class=\"gb-button-wrapper gb-button-wrapper-29861653\">\n\n<a class=\"gb-button gb-button-ef6ea06c\" href=\"https:\/\/raduart.com\/ro\/tablouri-pictate\/\"><span class=\"gb-button-text\">Jetzt st\u00f6bern<\/span><span class=\"gb-icon\"><svg aria-hidden=\"true\" height=\"1em\" width=\"1em\" viewBox=\"0 0 256 512\" xmlns=\"http:\/\/www.w3.org\/2000\/svg\"><path fill=\"currentColor\" d=\"M224.3 273l-136 136c-9.4 9.4-24.6 9.4-33.9 0l-22.6-22.6c-9.4-9.4-9.4-24.6 0-33.9l96.4-96.4-96.4-96.4c-9.4-9.4-9.4-24.6 0-33.9L54.3 103c9.4-9.4 24.6-9.4 33.9 0l136 136c9.5 9.4 9.5 24.6.1 34z\"><\/path><\/svg><\/span><\/a>\n\n<\/div>\n<\/div><\/div><\/div>\n<\/div>\n<\/div><\/div>\n\n\n<h2 class=\"gb-headline gb-headline-52e94860 gb-headline-text\" id=\"bekannt_aus\">Bekannt aus&#8230;<\/h2>\n\n\n<div class=\"gb-container gb-container-3c81abd6\"><div class=\"gb-inside-container\">\n<div class=\"gb-grid-wrapper gb-grid-wrapper-d3067067\">\n<div class=\"gb-grid-column gb-grid-column-926f5c1b\"><div class=\"gb-container gb-container-926f5c1b\"><div class=\"gb-inside-container\">\n\n<p class=\"gb-headline gb-headline-a60cf990 gb-headline-text\"><mark class=\"gb-highlight\"><a class=\"rank-math-link\" href=\"https:\/\/www.sueddeutsche.de\/muenchen\/fuerstenfeldbruck\/ausstellung-der-portraetist-1.4494078\" target=\"_blank\" rel=\"noreferrer noopener nofollow\">S\u00fcddeutsche Zeitung<\/a><\/mark>, <mark class=\"gb-highlight\">M\u00fcnchner Merkur<\/mark>, <mark class=\"gb-highlight\">Kreisbote<\/mark>, <mark class=\"gb-highlight\">Rathaus Report<\/mark>, <mark class=\"gb-highlight\">und \u2013 Das M\u00fcnchner Kunstjournal<\/mark>, <mark class=\"gb-highlight\"><a class=\"rank-math-link\" href=\"https:\/\/www.siebenbuerger.de\/zeitung\/artikel\/kultur\/19842-in-fuerstenfeldbruck-portraets-von-radu.html\" target=\"_blank\" rel=\"noreferrer noopener nofollow\">Siebenb\u00fcrgische Zeitung<\/a><\/mark><\/p>\n\n<\/div><\/div><\/div>\n<\/div>\n<\/div><\/div>\n\n\n<h2 class=\"gb-headline gb-headline-e9388fee gb-headline-text\" id=\"Ein-Virtuose-der-Mischtechnik\">Ein Virtuose der Mischtechnik und verschachtelten Ebenen<\/h2>\n\n\n<div class=\"gb-container gb-container-b9f814e2\"><div class=\"gb-inside-container\">\n<div class=\"gb-grid-wrapper gb-grid-wrapper-a965de28\">\n<div class=\"gb-grid-column gb-grid-column-850e0c68\"><div class=\"gb-container gb-container-850e0c68\"><div class=\"gb-inside-container\">\n\n<figure class=\"wp-block-image size-large\"><img decoding=\"async\" width=\"800\" height=\"533\" src=\"https:\/\/raduart.com\/wp-content\/uploads\/Kunstmaler-Radu-arbeitet-mit-Acryltechnik-auf-Leinwand_1.jpg\" alt=\"Kunstmaler Radu Maier bei der Arbeit mit Airbrush auf Leinwand\" class=\"wp-image-1775\" title=\"- | Galerie RADUART\" srcset=\"https:\/\/raduart.com\/wp-content\/uploads\/Kunstmaler-Radu-arbeitet-mit-Acryltechnik-auf-Leinwand_1.jpg 800w, https:\/\/raduart.com\/wp-content\/uploads\/Kunstmaler-Radu-arbeitet-mit-Acryltechnik-auf-Leinwand_1-400x267.jpg 400w, https:\/\/raduart.com\/wp-content\/uploads\/Kunstmaler-Radu-arbeitet-mit-Acryltechnik-auf-Leinwand_1-600x400.jpg 600w, https:\/\/raduart.com\/wp-content\/uploads\/Kunstmaler-Radu-arbeitet-mit-Acryltechnik-auf-Leinwand_1-300x200.jpg 300w, https:\/\/raduart.com\/wp-content\/uploads\/Kunstmaler-Radu-arbeitet-mit-Acryltechnik-auf-Leinwand_1-768x512.jpg 768w\" sizes=\"(max-width: 800px) 100vw, 800px\" \/><figcaption class=\"wp-element-caption\">Kunstmaler Radu Maier bei der Arbeit mit Airbrush auf Leinwand<\/figcaption><\/figure>\n\n\n\n<p>Erstaunlich ist bei Radu das technische Niveau, die Virtuosit\u00e4t, die nahezu perfekte Beherrschung der zur Verf\u00fcgung stehenden Mittel. Es gibt bei ihm so gut wie keine reine \u00d6lmalerei, reines Aquarell, reine Acryl oder Temperamalerei, sondern vielmehr eine n\u00fcchterne Mischung aus allen Richtungen.<\/p>\n\n\n\n<p>Selten werden Pinsel verwendet, eher Messer, Schaber, Rasierklingen, Nadeln, Fr\u00e4sen, Schablonen, Schleifpapier, Gummirollen und \u00e4hnliche Werkzeuge. Nicht zu vergessen ist der Luftpinsel. Druck, Abdruck, Frottage und Accrochage vervollst\u00e4ndigen diese umfangreichen Malmittel und \u201eHandwerkszeuge\u201c.<\/p>\n\n<\/div><\/div><\/div>\n\n<div class=\"gb-grid-column gb-grid-column-39ad92fb\"><div class=\"gb-container gb-container-39ad92fb\"><div class=\"gb-inside-container\">\n\n<p>Die bis zu acht \u00fcbereinanderliegenden Schichten von Farben, Isolierlack und Firnis bezeichnet Radu als Mischtechnik.<br>Oberfl\u00e4chlich betrachtet k\u00f6nnte man Radu den lyrischen Surrealisten zuordnen oder einige Elemente aus dem F\u00fcllhorn von Max Ernst oder Paul Klee ausmachen, aber wenn \u00fcberhaupt, dann beschr\u00e4nkt sich Radu beim Griff in die Kollegenschatulle eher auf Erkenntnisse, als auf die \u00dcbernahme von Methoden oder L\u00f6sungen.<\/p>\n\n\n\n<p>Es ist schwer, Radu in die europ\u00e4ische Kunstszene einzuordnen. Er gibt in seinen Bildern den Blick frei in himmelweite Fernen, ins unverstellte All.<\/p>\n\n\n\n<figure class=\"wp-block-image size-large\"><img decoding=\"async\" width=\"900\" height=\"600\" src=\"https:\/\/raduart.com\/wp-content\/uploads\/Kunstmaler-Radu-Maier-bei-der-Arbeit.jpg\" alt=\"Kunstmaler Radu Maier bei der Arbeit\" class=\"wp-image-1702\" title=\"- | Galerie RADUART\" srcset=\"https:\/\/raduart.com\/wp-content\/uploads\/Kunstmaler-Radu-Maier-bei-der-Arbeit.jpg 900w, https:\/\/raduart.com\/wp-content\/uploads\/Kunstmaler-Radu-Maier-bei-der-Arbeit-400x267.jpg 400w, https:\/\/raduart.com\/wp-content\/uploads\/Kunstmaler-Radu-Maier-bei-der-Arbeit-600x400.jpg 600w, https:\/\/raduart.com\/wp-content\/uploads\/Kunstmaler-Radu-Maier-bei-der-Arbeit-300x200.jpg 300w, https:\/\/raduart.com\/wp-content\/uploads\/Kunstmaler-Radu-Maier-bei-der-Arbeit-768x512.jpg 768w\" sizes=\"(max-width: 900px) 100vw, 900px\" \/><figcaption class=\"wp-element-caption\">Kunstmaler Radu Maier bei der Arbeit<\/figcaption><\/figure>\n\n<\/div><\/div><\/div>\n<\/div>\n<\/div><\/div>\n\n\n<h2 class=\"gb-headline gb-headline-ea9abc96 gb-headline-text\" id=\"Radu-Maier-baut\">Radu-Anton Maier baut kulturelle Br\u00fccken <\/h2>\n\n\n<div class=\"gb-container gb-container-61c3919c\"><div class=\"gb-inside-container\">\n<div class=\"gb-grid-wrapper gb-grid-wrapper-2792404f\">\n<div class=\"gb-grid-column gb-grid-column-02b8d443\"><div class=\"gb-container gb-container-02b8d443\"><div class=\"gb-inside-container\">\n\n<figure class=\"wp-block-image size-large\"><img decoding=\"async\" width=\"800\" height=\"533\" src=\"https:\/\/raduart.com\/wp-content\/uploads\/Kulturpreis-Bund-der-Vertriebenen-Bayern-Danksagung-Radu-Anton-Maier.jpg\" alt=\"Danksagung des Kunstmalers Radu Maier bei der Preisverleihung in Marktredwitz. Foto: \u00a9 Radu Maier\" class=\"wp-image-1650\" title=\"- | Galerie RADUART\" srcset=\"https:\/\/raduart.com\/wp-content\/uploads\/Kulturpreis-Bund-der-Vertriebenen-Bayern-Danksagung-Radu-Anton-Maier.jpg 800w, https:\/\/raduart.com\/wp-content\/uploads\/Kulturpreis-Bund-der-Vertriebenen-Bayern-Danksagung-Radu-Anton-Maier-400x267.jpg 400w, https:\/\/raduart.com\/wp-content\/uploads\/Kulturpreis-Bund-der-Vertriebenen-Bayern-Danksagung-Radu-Anton-Maier-600x400.jpg 600w, https:\/\/raduart.com\/wp-content\/uploads\/Kulturpreis-Bund-der-Vertriebenen-Bayern-Danksagung-Radu-Anton-Maier-300x200.jpg 300w, https:\/\/raduart.com\/wp-content\/uploads\/Kulturpreis-Bund-der-Vertriebenen-Bayern-Danksagung-Radu-Anton-Maier-768x512.jpg 768w\" sizes=\"(max-width: 800px) 100vw, 800px\" \/><figcaption class=\"wp-element-caption\">Danksagung des Kunstmalers Radu Maier bei der Preisverleihung in Marktredwitz. <\/figcaption><\/figure>\n\n<\/div><\/div><\/div>\n\n<div class=\"gb-grid-column gb-grid-column-23afe0e5\"><div class=\"gb-container gb-container-23afe0e5\"><div class=\"gb-inside-container\">\n\n<p>Parallel zu seiner Pr\u00e4senz auf der europ\u00e4ischen Kunstszene ist Radu im bayerischen Kulturleben stark involviert. Er errichtet ein solides kulturbezogenes \u201eBr\u00fcckensystem\u201c zwischen Deutschland und Rum\u00e4nien mit Schwerpunkt auf Bayern und Siebenb\u00fcrgen.<\/p>\n\n\n\n<p>In der Galerie Raduart, gegr\u00fcndet im Jahre 2010 in F\u00fcrstenfeldbruck, finden unter seiner Aufsicht Einzel-und Gruppenausstellungen statt, in denen der K\u00fcnstler sich f\u00fcr die Intensivierung und Vertiefung der kulturellen Beziehungen und Entdeckung diverser Ber\u00fchrungspunkte, zwischen den Landsmannschaften der Siebenb\u00fcrger Sachsen, der Schwaben, der Ungarn und, selbstverst\u00e4ndlich, der Rum\u00e4nen aus Transsylvanien (Siebenb\u00fcrgen) einsetzt; so entstand das umfangreiche Projekt \u201eK\u00fcnstler aus Siebenb\u00fcrgen\u201c bekannt auch durch mehrere erfolgreiche Gruppenausstellungen, die ein entsprechendes Profil vorweisen.<\/p>\n\n\n\n<p>Radu bleibt weiterhin ein wichtiges Bindeglied f\u00fcr die Weiterentwicklung der Beziehungen zwischen den K\u00fcnstlern aus Deutschland und Rum\u00e4nien, und setzt sich st\u00e4ndig f\u00fcr die Bekanntmachung und Verbreitung rum\u00e4nischer Kultur in Deutschland ein.<\/p>\n\n<\/div><\/div><\/div>\n<\/div>\n<\/div><\/div>\n\n\n<h2 class=\"gb-headline gb-headline-da22b2b3 gb-headline-text\" id=\"Kulturpreistr\u00e4ger\">Kulturpreistr\u00e4ger f\u00fcr herausragende Leistungen<\/h2>\n\n\n<div class=\"gb-container gb-container-af4d5e77\"><div class=\"gb-inside-container\">\n<div class=\"gb-grid-wrapper gb-grid-wrapper-cf33e7b7\">\n<div class=\"gb-grid-column gb-grid-column-5fcb4fdd\"><div class=\"gb-container gb-container-5fcb4fdd\"><div class=\"gb-inside-container\">\n\n<figure class=\"wp-block-image size-large\"><img decoding=\"async\" width=\"800\" height=\"533\" src=\"https:\/\/raduart.com\/wp-content\/uploads\/Kulturpreis-Bund-der-Vertriebenen-Bayern-Laudatio-von-Christian-Knauer-auf-Kunstmaler-Radu-Anton-Maier.jpg\" alt=\"Der BdV-Landesvorsitzender Christian Knauer liest die Laudatio f\u00fcr den Kulturpreistr\u00e4ger. Foto: \u00a9 Radu Maier\" class=\"wp-image-1654\" title=\"- | Galerie RADUART\" srcset=\"https:\/\/raduart.com\/wp-content\/uploads\/Kulturpreis-Bund-der-Vertriebenen-Bayern-Laudatio-von-Christian-Knauer-auf-Kunstmaler-Radu-Anton-Maier.jpg 800w, https:\/\/raduart.com\/wp-content\/uploads\/Kulturpreis-Bund-der-Vertriebenen-Bayern-Laudatio-von-Christian-Knauer-auf-Kunstmaler-Radu-Anton-Maier-400x267.jpg 400w, https:\/\/raduart.com\/wp-content\/uploads\/Kulturpreis-Bund-der-Vertriebenen-Bayern-Laudatio-von-Christian-Knauer-auf-Kunstmaler-Radu-Anton-Maier-600x400.jpg 600w, https:\/\/raduart.com\/wp-content\/uploads\/Kulturpreis-Bund-der-Vertriebenen-Bayern-Laudatio-von-Christian-Knauer-auf-Kunstmaler-Radu-Anton-Maier-300x200.jpg 300w, https:\/\/raduart.com\/wp-content\/uploads\/Kulturpreis-Bund-der-Vertriebenen-Bayern-Laudatio-von-Christian-Knauer-auf-Kunstmaler-Radu-Anton-Maier-768x512.jpg 768w\" sizes=\"(max-width: 800px) 100vw, 800px\" \/><figcaption class=\"wp-element-caption\">Laudatio von Christian Knauer, BdV-Landesvorsitzender anl\u00e4sslich der BdV Kulturpreis-Verleihung Bayern 2016 an Kunstmaler Radu-Anton Maier. <\/figcaption><\/figure>\n\n\n\n<figure class=\"wp-block-image size-large\"><img decoding=\"async\" width=\"800\" height=\"533\" src=\"https:\/\/raduart.com\/wp-content\/uploads\/Kulturpreis-Bund-der-Vertriebenen-Bayern-Ehrung-Radu-Anton-Maier.jpg\" alt=\"Gruppenfoto nach der Preisverleihung mit der Urkunde der Kulturpreis-Ehrengabe. Foto: \u00a9 Radu Maier\" class=\"wp-image-1652\" title=\"- | Galerie RADUART\" srcset=\"https:\/\/raduart.com\/wp-content\/uploads\/Kulturpreis-Bund-der-Vertriebenen-Bayern-Ehrung-Radu-Anton-Maier.jpg 800w, https:\/\/raduart.com\/wp-content\/uploads\/Kulturpreis-Bund-der-Vertriebenen-Bayern-Ehrung-Radu-Anton-Maier-400x267.jpg 400w, https:\/\/raduart.com\/wp-content\/uploads\/Kulturpreis-Bund-der-Vertriebenen-Bayern-Ehrung-Radu-Anton-Maier-600x400.jpg 600w, https:\/\/raduart.com\/wp-content\/uploads\/Kulturpreis-Bund-der-Vertriebenen-Bayern-Ehrung-Radu-Anton-Maier-300x200.jpg 300w, https:\/\/raduart.com\/wp-content\/uploads\/Kulturpreis-Bund-der-Vertriebenen-Bayern-Ehrung-Radu-Anton-Maier-768x512.jpg 768w\" sizes=\"(max-width: 800px) 100vw, 800px\" \/><figcaption class=\"wp-element-caption\">Von links nach rechts: Joh. Hintersberger, Staatssekret\u00e4r und Soziales, Familie und Integration; Kunstmaler Radu-Anton-Maier; Christian Knauer, BdV-Landesvorsitzender. <\/figcaption><\/figure>\n\n<\/div><\/div><\/div>\n\n<div class=\"gb-grid-column gb-grid-column-f2342f66\"><div class=\"gb-container gb-container-f2342f66\"><div class=\"gb-inside-container\">\n\n<p><strong>Radu&nbsp;erhielt die Ehrengabe des Kulturpreises 2016 vom Bund der Vertriebenen Bayern f\u00fcr herausragende Leistungen im Bereich der Pflege und des Erhaltes des Kulturgutes der Deutschen aus den Siedlungsgebieten in Ost- und S\u00fcdosteuropa.<\/strong><\/p>\n\n\n\n<p>Der Wortlaut der Urkunde:<\/p>\n\n\n\n<figure class=\"wp-block-pullquote is-style-laudatio is-style-default\"><blockquote><p>Der Bund der Vertriebenen in Bayern und seine in ihm zusammengeschlossenen Landsmannschaften vergeben im Rahmen ihres durch das Bayerische Staatsministerium f\u00fcr Arbeit und Soziales, Familie und Integration gef\u00f6rderten Kulturpreis 2016 eine Ehrengabe f\u00fcr herausragende Leistungen im Bereich der Pflege und des Erhaltes des Kulturgutes der Deutschen aus den Siedlungsgebieten in Ost- und S\u00fcdosteuropa an Radu-Anton Maier, F\u00fcrstenfeldbruck. Der Geehrte geh\u00f6rt zu den unbeugsamen K\u00fcnstlern Rum\u00e4niens, die in der Zeit des Kommunismus diskriminiert wurden. Seine Werke \u2013 als \u201edekadent und klassenfeindlich\u201c bezeichnet \u2013 wurden teilweise zerst\u00f6rt.<br>1967 verlie\u00df der K\u00fcnstler gedem\u00fctigt das Land und konnte sich in der Bundesrepublik Deutschland schlie\u00dflich frei entfalten.<br>Nach dem Ende der kommunistischen Unterdr\u00fcckung verst\u00e4rkte er die Kontakte in seine Heimat. 1999 wurde er mit der Ehrenb\u00fcrgerschaft seiner Heimatstadt Klausenburg ausgezeichnet.<br>F\u00fcr sein Eintreten um Freiheit und Menschenrechte sowie f\u00fcr sein k\u00fcnstlerisches Schaffen sprechen wir Dank und Anerkennung aus.<br><\/p><cite>Christian Knauer, BdV-Landesvorsitzender | Marktredwitz, 24. September 2016<\/cite><\/blockquote><\/figure>\n\n<\/div><\/div><\/div>\n<\/div>\n<\/div><\/div>","protected":false},"excerpt":{"rendered":"<p>Expozi\u021bii interna\u021bionale O selec\u021bie a celor mai importante expozi\u021bii organizate pe plan na\u021bional \u0219i internationalBlicken Sie zur\u00fcck auf spannende Themen und Ausstellungen von Radu Maier \u2013 weltweit Combinarea diverselor tehnici moderne \u00een procesul meu de &#8230; <\/p>\n<p class=\"read-more-container\"><a title=\"Expozi\u021bie anual\u0103 MKG \u00een M\u00fcnchner K\u00fcnstlerhaus\" class=\"read-more button\" href=\"https:\/\/raduart.com\/ro\/expozitii\/expozitie-anuala-mkg-munchner-kunstlerhaus\/#more-20801\" aria-label=\"Cite\u0219te mai multe despre Expozi\u021bie anual\u0103 MKG \u00een M\u00fcnchner K\u00fcnstlerhaus\">Read more<\/a><\/p>\n","protected":false},"author":1,"featured_media":1775,"parent":0,"menu_order":40,"comment_status":"closed","ping_status":"closed","template":"","meta":{"_acf_changed":false,"pgc_sgb_lightbox_settings":"","footnotes":""},"class_list":["post-6958","page","type-page","status-publish","has-post-thumbnail","hentry","infinite-scroll-item","masonry-post","generate-columns","tablet-grid-50","mobile-grid-100","grid-parent","grid-33"],"acf":[],"_links":{"self":[{"href":"https:\/\/raduart.com\/ro\/wp-json\/wp\/v2\/pages\/6958","targetHints":{"allow":["GET"]}}],"collection":[{"href":"https:\/\/raduart.com\/ro\/wp-json\/wp\/v2\/pages"}],"about":[{"href":"https:\/\/raduart.com\/ro\/wp-json\/wp\/v2\/types\/page"}],"author":[{"embeddable":true,"href":"https:\/\/raduart.com\/ro\/wp-json\/wp\/v2\/users\/1"}],"replies":[{"embeddable":true,"href":"https:\/\/raduart.com\/ro\/wp-json\/wp\/v2\/comments?post=6958"}],"version-history":[{"count":1,"href":"https:\/\/raduart.com\/ro\/wp-json\/wp\/v2\/pages\/6958\/revisions"}],"predecessor-version":[{"id":22449,"href":"https:\/\/raduart.com\/ro\/wp-json\/wp\/v2\/pages\/6958\/revisions\/22449"}],"wp:featuredmedia":[{"embeddable":true,"href":"https:\/\/raduart.com\/ro\/wp-json\/wp\/v2\/media\/1775"}],"wp:attachment":[{"href":"https:\/\/raduart.com\/ro\/wp-json\/wp\/v2\/media?parent=6958"}],"curies":[{"name":"wp","href":"https:\/\/api.w.org\/{rel}","templated":true}]}}